{"id":11627,"date":"2022-06-27T12:55:09","date_gmt":"2022-06-27T12:55:09","guid":{"rendered":"https:\/\/escamilla.es\/?page_id=11627"},"modified":"2022-06-27T13:07:55","modified_gmt":"2022-06-27T13:07:55","slug":"programa-gmi-de-la-camara-de-comercio-de-sevilla","status":"publish","type":"page","link":"https:\/\/escamilla.es\/fr\/programa-gmi-de-la-camara-de-comercio-de-sevilla\/","title":{"rendered":"programme gmi de la chambre de commerce de S\u00e9ville"},"content":{"rendered":"<div data-elementor-type=\"wp-page\" data-elementor-id=\"11627\" class=\"elementor elementor-11627\" data-elementor-post-type=\"page\">\n\t\t\t\t<div class=\"elementor-element elementor-element-9090d93 e-flex e-con-boxed e-con e-parent\" data-id=\"9090d93\" data-element_type=\"container\">\n\t\t\t\t\t<div class=\"e-con-inner\">\n\t\t<div class=\"elementor-element elementor-element-fff82cf e-con-full e-flex e-con e-child\" data-id=\"fff82cf\" data-element_type=\"container\">\n\t\t\t\t<div class=\"elementor-element elementor-element-4dea116 elementor-widget elementor-widget-image\" data-id=\"4dea116\" data-element_type=\"widget\" data-widget_type=\"image.default\">\n\t\t\t\t<div class=\"elementor-widget-container\">\n\t\t\t\t\t\t\t\t\t\t\t\t\t<img fetchpriority=\"high\" decoding=\"async\" width=\"280\" height=\"396\" src=\"https:\/\/escamilla.es\/wp-content\/uploads\/2022\/04\/01-Logo-GMI_ACT.jpg\" class=\"attachment-large size-large wp-image-11521\" alt=\"\" srcset=\"https:\/\/escamilla.es\/wp-content\/uploads\/2022\/04\/01-Logo-GMI_ACT.jpg 280w, https:\/\/escamilla.es\/wp-content\/uploads\/2022\/04\/01-Logo-GMI_ACT-212x300.jpg 212w, https:\/\/escamilla.es\/wp-content\/uploads\/2022\/04\/01-Logo-GMI_ACT-150x212.jpg 150w\" sizes=\"(max-width: 280px) 100vw, 280px\" \/>\t\t\t\t\t\t\t\t\t\t\t\t\t<\/div>\n\t\t\t\t<\/div>\n\t\t\t\t<\/div>\n\t\t<div class=\"elementor-element elementor-element-7b238c2 e-con-full e-flex e-con e-child\" data-id=\"7b238c2\" data-element_type=\"container\">\n\t\t\t\t<div class=\"elementor-element elementor-element-967f39b elementor-widget elementor-widget-heading\" data-id=\"967f39b\" data-element_type=\"widget\" data-widget_type=\"heading.default\">\n\t\t\t\t<div class=\"elementor-widget-container\">\n\t\t\t<h2 class=\"elementor-heading-title elementor-size-default\">\"Escamilla SAT N 2080 a \u00e9t\u00e9 b\u00e9n\u00e9ficiaire du Fonds europ\u00e9en de d\u00e9veloppement r\u00e9gional dont l'objectif est d'am\u00e9liorer la comp\u00e9titivit\u00e9 des PME et gr\u00e2ce auquel elle a mis en \u0153uvre un plan d'action visant \u00e0 am\u00e9liorer son positionnement sur les march\u00e9s \u00e9trangers par le biais de la gestion de la marque pour l'internationalisation d'ici 2021-2022.\nL'objectif du plan d'action est d'am\u00e9liorer son positionnement sur les march\u00e9s \u00e9trangers gr\u00e2ce \u00e0 la gestion de la marque pour l'internationalisation au cours de l'ann\u00e9e 2021-2022. \u00c0 cette fin, il a \u00e9t\u00e9 soutenu par le programme GMI de la chambre de commerce de S\u00e9ville.<\/h2>\t\t<\/div>\n\t\t\t\t<\/div>\n\t\t\t\t<\/div>\n\t\t\t\t\t<\/div>\n\t\t\t\t<\/div>\n\t\t\t\t<\/div>","protected":false},"excerpt":{"rendered":"<p>\"Escamilla SAT N 2080 a b\u00e9n\u00e9fici\u00e9 du Fonds europ\u00e9en de d\u00e9veloppement r\u00e9gional, qui vise \u00e0 am\u00e9liorer la comp\u00e9titivit\u00e9 de la r\u00e9gion.<\/p>","protected":false},"author":1,"featured_media":0,"parent":0,"menu_order":0,"comment_status":"closed","ping_status":"closed","template":"","meta":{"footnotes":""},"class_list":["post-11627","page","type-page","status-publish","hentry"],"yoast_head":"<!-- This site is optimized with the Yoast SEO plugin v23.4 - https:\/\/yoast.com\/wordpress\/plugins\/seo\/ -->\n<title>programa gmi de la camara de comercio de Sevilla - Escamilla<\/title>\n<meta name=\"robots\" content=\"index, follow, max-snippet:-1, max-image-preview:large, max-video-preview:-1\" \/>\n<link rel=\"canonical\" href=\"https:\/\/escamilla.es\/fr\/programa-gmi-de-la-camara-de-comercio-de-sevilla\/\" \/>\n<meta property=\"og:locale\" content=\"fr_FR\" \/>\n<meta property=\"og:type\" content=\"article\" \/>\n<meta property=\"og:title\" content=\"programa gmi de la camara de comercio de Sevilla - Escamilla\" \/>\n<meta property=\"og:description\" content=\"\u201cEscamilla SAT N 2080 ha sido beneficiaria del Fondo Europeo de Desarrollo Regional cuyo objetivo es mejorar la competitividad de\" \/>\n<meta property=\"og:url\" content=\"https:\/\/escamilla.es\/fr\/programa-gmi-de-la-camara-de-comercio-de-sevilla\/\" \/>\n<meta property=\"og:site_name\" content=\"Escamilla\" \/>\n<meta property=\"article:modified_time\" content=\"2022-06-27T13:07:55+00:00\" \/>\n<meta property=\"og:image\" content=\"https:\/\/escamilla.es\/wp-content\/uploads\/2022\/04\/01-Logo-GMI_ACT.jpg\" \/>\n<meta name=\"twitter:card\" content=\"summary_large_image\" \/>\n<meta name=\"twitter:label1\" content=\"Dur\u00e9e de lecture estim\u00e9e\" \/>\n\t<meta name=\"twitter:data1\" content=\"1 minute\" \/>\n<script type=\"application\/ld+json\" class=\"yoast-schema-graph\">{\"@context\":\"https:\/\/schema.org\",\"@graph\":[{\"@type\":\"WebPage\",\"@id\":\"https:\/\/escamilla.es\/programa-gmi-de-la-camara-de-comercio-de-sevilla\/\",\"url\":\"https:\/\/escamilla.es\/programa-gmi-de-la-camara-de-comercio-de-sevilla\/\",\"name\":\"programa gmi de la camara de comercio de Sevilla - Escamilla\",\"isPartOf\":{\"@id\":\"https:\/\/escamilla.es\/es_es\/#website\"},\"primaryImageOfPage\":{\"@id\":\"https:\/\/escamilla.es\/programa-gmi-de-la-camara-de-comercio-de-sevilla\/#primaryimage\"},\"image\":{\"@id\":\"https:\/\/escamilla.es\/programa-gmi-de-la-camara-de-comercio-de-sevilla\/#primaryimage\"},\"thumbnailUrl\":\"https:\/\/escamilla.es\/wp-content\/uploads\/2022\/04\/01-Logo-GMI_ACT.jpg\",\"datePublished\":\"2022-06-27T12:55:09+00:00\",\"dateModified\":\"2022-06-27T13:07:55+00:00\",\"breadcrumb\":{\"@id\":\"https:\/\/escamilla.es\/programa-gmi-de-la-camara-de-comercio-de-sevilla\/#breadcrumb\"},\"inLanguage\":\"fr-FR\",\"potentialAction\":[{\"@type\":\"ReadAction\",\"target\":[\"https:\/\/escamilla.es\/programa-gmi-de-la-camara-de-comercio-de-sevilla\/\"]}]},{\"@type\":\"ImageObject\",\"inLanguage\":\"fr-FR\",\"@id\":\"https:\/\/escamilla.es\/programa-gmi-de-la-camara-de-comercio-de-sevilla\/#primaryimage\",\"url\":\"https:\/\/escamilla.es\/wp-content\/uploads\/2022\/04\/01-Logo-GMI_ACT.jpg\",\"contentUrl\":\"https:\/\/escamilla.es\/wp-content\/uploads\/2022\/04\/01-Logo-GMI_ACT.jpg\"},{\"@type\":\"BreadcrumbList\",\"@id\":\"https:\/\/escamilla.es\/programa-gmi-de-la-camara-de-comercio-de-sevilla\/#breadcrumb\",\"itemListElement\":[{\"@type\":\"ListItem\",\"position\":1,\"name\":\"Portada\",\"item\":\"https:\/\/escamilla.es\/es_es\/\"},{\"@type\":\"ListItem\",\"position\":2,\"name\":\"programa gmi de la camara de comercio de Sevilla\"}]},{\"@type\":\"WebSite\",\"@id\":\"https:\/\/escamilla.es\/es_es\/#website\",\"url\":\"https:\/\/escamilla.es\/es_es\/\",\"name\":\"Escamilla\",\"description\":\"\",\"publisher\":{\"@id\":\"https:\/\/escamilla.es\/es_es\/#organization\"},\"potentialAction\":[{\"@type\":\"SearchAction\",\"target\":{\"@type\":\"EntryPoint\",\"urlTemplate\":\"https:\/\/escamilla.es\/es_es\/?s={search_term_string}\"},\"query-input\":{\"@type\":\"PropertyValueSpecification\",\"valueRequired\":true,\"valueName\":\"search_term_string\"}}],\"inLanguage\":\"fr-FR\"},{\"@type\":\"Organization\",\"@id\":\"https:\/\/escamilla.es\/es_es\/#organization\",\"name\":\"Escamilla\",\"url\":\"https:\/\/escamilla.es\/es_es\/\",\"logo\":{\"@type\":\"ImageObject\",\"inLanguage\":\"fr-FR\",\"@id\":\"https:\/\/escamilla.es\/es_es\/#\/schema\/logo\/image\/\",\"url\":\"https:\/\/escamilla.es\/wp-content\/uploads\/2022\/03\/admin-ajax.jpg\",\"contentUrl\":\"https:\/\/escamilla.es\/wp-content\/uploads\/2022\/03\/admin-ajax.jpg\",\"width\":100,\"height\":26,\"caption\":\"Escamilla\"},\"image\":{\"@id\":\"https:\/\/escamilla.es\/es_es\/#\/schema\/logo\/image\/\"}}]}<\/script>\n<!-- \/ Yoast SEO plugin. -->","yoast_head_json":{"title":"programa gmi de la camara de comercio de Sevilla - Escamilla","robots":{"index":"index","follow":"follow","max-snippet":"max-snippet:-1","max-image-preview":"max-image-preview:large","max-video-preview":"max-video-preview:-1"},"canonical":"https:\/\/escamilla.es\/fr\/programa-gmi-de-la-camara-de-comercio-de-sevilla\/","og_locale":"fr_FR","og_type":"article","og_title":"programa gmi de la camara de comercio de Sevilla - Escamilla","og_description":"\u201cEscamilla SAT N 2080 ha sido beneficiaria del Fondo Europeo de Desarrollo Regional cuyo objetivo es mejorar la competitividad de","og_url":"https:\/\/escamilla.es\/fr\/programa-gmi-de-la-camara-de-comercio-de-sevilla\/","og_site_name":"Escamilla","article_modified_time":"2022-06-27T13:07:55+00:00","og_image":[{"url":"https:\/\/escamilla.es\/wp-content\/uploads\/2022\/04\/01-Logo-GMI_ACT.jpg"}],"twitter_card":"summary_large_image","twitter_misc":{"Dur\u00e9e de lecture estim\u00e9e":"1 minute"},"schema":{"@context":"https:\/\/schema.org","@graph":[{"@type":"WebPage","@id":"https:\/\/escamilla.es\/programa-gmi-de-la-camara-de-comercio-de-sevilla\/","url":"https:\/\/escamilla.es\/programa-gmi-de-la-camara-de-comercio-de-sevilla\/","name":"programa gmi de la camara de comercio de Sevilla - Escamilla","isPartOf":{"@id":"https:\/\/escamilla.es\/es_es\/#website"},"primaryImageOfPage":{"@id":"https:\/\/escamilla.es\/programa-gmi-de-la-camara-de-comercio-de-sevilla\/#primaryimage"},"image":{"@id":"https:\/\/escamilla.es\/programa-gmi-de-la-camara-de-comercio-de-sevilla\/#primaryimage"},"thumbnailUrl":"https:\/\/escamilla.es\/wp-content\/uploads\/2022\/04\/01-Logo-GMI_ACT.jpg","datePublished":"2022-06-27T12:55:09+00:00","dateModified":"2022-06-27T13:07:55+00:00","breadcrumb":{"@id":"https:\/\/escamilla.es\/programa-gmi-de-la-camara-de-comercio-de-sevilla\/#breadcrumb"},"inLanguage":"fr-FR","potentialAction":[{"@type":"ReadAction","target":["https:\/\/escamilla.es\/programa-gmi-de-la-camara-de-comercio-de-sevilla\/"]}]},{"@type":"ImageObject","inLanguage":"fr-FR","@id":"https:\/\/escamilla.es\/programa-gmi-de-la-camara-de-comercio-de-sevilla\/#primaryimage","url":"https:\/\/escamilla.es\/wp-content\/uploads\/2022\/04\/01-Logo-GMI_ACT.jpg","contentUrl":"https:\/\/escamilla.es\/wp-content\/uploads\/2022\/04\/01-Logo-GMI_ACT.jpg"},{"@type":"BreadcrumbList","@id":"https:\/\/escamilla.es\/programa-gmi-de-la-camara-de-comercio-de-sevilla\/#breadcrumb","itemListElement":[{"@type":"ListItem","position":1,"name":"Portada","item":"https:\/\/escamilla.es\/es_es\/"},{"@type":"ListItem","position":2,"name":"programa gmi de la camara de comercio de Sevilla"}]},{"@type":"WebSite","@id":"https:\/\/escamilla.es\/es_es\/#website","url":"https:\/\/escamilla.es\/es_es\/","name":"Escamilla","description":"","publisher":{"@id":"https:\/\/escamilla.es\/es_es\/#organization"},"potentialAction":[{"@type":"SearchAction","target":{"@type":"EntryPoint","urlTemplate":"https:\/\/escamilla.es\/es_es\/?s={search_term_string}"},"query-input":{"@type":"PropertyValueSpecification","valueRequired":true,"valueName":"search_term_string"}}],"inLanguage":"fr-FR"},{"@type":"Organization","@id":"https:\/\/escamilla.es\/es_es\/#organization","name":"Escamilla","url":"https:\/\/escamilla.es\/es_es\/","logo":{"@type":"ImageObject","inLanguage":"fr-FR","@id":"https:\/\/escamilla.es\/es_es\/#\/schema\/logo\/image\/","url":"https:\/\/escamilla.es\/wp-content\/uploads\/2022\/03\/admin-ajax.jpg","contentUrl":"https:\/\/escamilla.es\/wp-content\/uploads\/2022\/03\/admin-ajax.jpg","width":100,"height":26,"caption":"Escamilla"},"image":{"@id":"https:\/\/escamilla.es\/es_es\/#\/schema\/logo\/image\/"}}]}},"_links":{"self":[{"href":"https:\/\/escamilla.es\/fr\/wp-json\/wp\/v2\/pages\/11627","targetHints":{"allow":["GET"]}}],"collection":[{"href":"https:\/\/escamilla.es\/fr\/wp-json\/wp\/v2\/pages"}],"about":[{"href":"https:\/\/escamilla.es\/fr\/wp-json\/wp\/v2\/types\/page"}],"author":[{"embeddable":true,"href":"https:\/\/escamilla.es\/fr\/wp-json\/wp\/v2\/users\/1"}],"replies":[{"embeddable":true,"href":"https:\/\/escamilla.es\/fr\/wp-json\/wp\/v2\/comments?post=11627"}],"version-history":[{"count":8,"href":"https:\/\/escamilla.es\/fr\/wp-json\/wp\/v2\/pages\/11627\/revisions"}],"predecessor-version":[{"id":11635,"href":"https:\/\/escamilla.es\/fr\/wp-json\/wp\/v2\/pages\/11627\/revisions\/11635"}],"wp:attachment":[{"href":"https:\/\/escamilla.es\/fr\/wp-json\/wp\/v2\/media?parent=11627"}],"curies":[{"name":"wp","href":"https:\/\/api.w.org\/{rel}","templated":true}]}}